{"id":244,"date":"2021-06-09T14:16:58","date_gmt":"2021-06-09T12:16:58","guid":{"rendered":"http:\/\/ygzvpgw.cluster030.hosting.ovh.net\/?page_id=244"},"modified":"2021-08-17T17:15:27","modified_gmt":"2021-08-17T15:15:27","slug":"onde-modern-celtic","status":"publish","type":"page","link":"https:\/\/www.dinardopeningfestival.fr\/index.php\/onde-modern-celtic\/","title":{"rendered":"Onde"},"content":{"rendered":"\n<h2 class=\"wp-block-heading\"><strong>Imaginez une odyss\u00e9e sonore o\u00f9 le rock progressif, le jazz et la pop explorent les rivages du folklore celte\u2026<\/strong><\/h2>\n\n\n\n<h4 class=\"wp-block-heading\">Apr\u00e8s cinq ann\u00e9es d\u2019existence, Onde continue de surprendre en portant sur sc\u00e8ne <strong>ses compositions aux sonorit\u00e9s celtiques et \u00e0 l\u2019\u00e9nergie rock<\/strong>. <br>On y per\u00e7oit une terre \u00e9trangement famili\u00e8re, o\u00f9 le chant de la fl\u00fbte joue avec celui du vent, o\u00f9 les rythmes du violon et de la guitare rappellent l\u2019ambiance et la chaleur des pubs.<br><br>Baign\u00e9s dans des cultures musicales vari\u00e9es allant du jazz au baroque, en passant par le rock et la musique classique, les musiciens du groupe Onde ont alli\u00e9 leurs savoir-faire pour cr\u00e9er un univers sonore o\u00f9 <strong>l\u2019\u00e9nergie et la puissance \u00e9lectrique c\u00f4toient l\u2019intimit\u00e9 et l\u2019onirisme<\/strong>.<br><br>En 2019, para\u00eet leur premier album <strong>Ma\u00eblstrom<\/strong> en r\u00e9f\u00e9rence au l\u00e9gendaire tourbillon marin, dont le mouvement entra\u00eene les bateaux et leur \u00e9quipage irr\u00e9sistiblement. Aujourd\u2019hui le groupe vous invite \u00e0 embarquer pour une nouvelle exp\u00e9dition, non loin des rivages celtes. La f\u00eate commence sur le pont. <br><br>Dans un nuage de poussi\u00e8re, la danse laisse place \u00e0 la transe. <br>Un orage gronde au loin, la temp\u00eate se fait sentir. Le soleil se couche quand, dans la nuit, survient le ma\u00eblstrom\u2026 <br><br>Amateurs de bourrasques et de roches, cette exp\u00e9dition est faite pour vous !<\/h4>\n\n\n\n<figure class=\"wp-block-embed aligncenter is-type-video is-provider-youtube wp-block-embed-youtube wp-embed-aspect-16-9 wp-has-aspect-ratio\"><div class=\"wp-block-embed__wrapper\">\n<iframe loading=\"lazy\" title=\"Onde [modern celtic] - Live chez Alriq - Moxya\" width=\"720\" height=\"405\" src=\"https:\/\/www.youtube.com\/embed\/-kmLudvGKhA?feature=oembed\" frameborder=\"0\" allow=\"accelerometer; autoplay; clipboard-write; encrypted-media; gyroscope; picture-in-picture\" allowfullscreen><\/iframe>\n<\/div><\/figure>\n\n\n\n<hr class=\"wp-block-separator is-style-wide\"\/>\n\n\n\n<h3 class=\"wp-block-heading\">Amandine CALIGE, violon, chant<br>Julien BRUNETEAU, fl\u00fbte, chant<br>Jean-Christophe MOREL, guitare<br>William RIEUBLANC, basse \u00e9lectrique<br>Benjamin AURUSSEAU, batterie<\/h3>\n\n\n\n<ul class=\"wp-block-social-links aligncenter is-layout-flex wp-block-social-links-is-layout-flex\"><li class=\"wp-social-link wp-social-link-chain  wp-block-social-link\"><a href=\"https:\/\/www.onde-music.com\/\" class=\"wp-block-social-link-anchor\"><svg width=\"24\" height=\"24\" viewBox=\"0 0 24 24\" version=\"1.1\" xmlns=\"http:\/\/www.w3.org\/2000\/svg\" aria-hidden=\"true\" focusable=\"false\"><path d=\"M15.6,7.2H14v1.5h1.6c2,0,3.7,1.7,3.7,3.7s-1.7,3.7-3.7,3.7H14v1.5h1.6c2.8,0,5.2-2.3,5.2-5.2,0-2.9-2.3-5.2-5.2-5.2zM4.7,12.4c0-2,1.7-3.7,3.7-3.7H10V7.2H8.4c-2.9,0-5.2,2.3-5.2,5.2,0,2.9,2.3,5.2,5.2,5.2H10v-1.5H8.4c-2,0-3.7-1.7-3.7-3.7zm4.6.9h5.3v-1.5H9.3v1.5z\"><\/path><\/svg><span class=\"wp-block-social-link-label screen-reader-text\">Lien<\/span><\/a><\/li>\n\n<li class=\"wp-social-link wp-social-link-facebook  wp-block-social-link\"><a href=\"https:\/\/www.facebook.com\/Onde.music\" class=\"wp-block-social-link-anchor\"><svg width=\"24\" height=\"24\" viewBox=\"0 0 24 24\" version=\"1.1\" xmlns=\"http:\/\/www.w3.org\/2000\/svg\" aria-hidden=\"true\" focusable=\"false\"><path d=\"M12 2C6.5 2 2 6.5 2 12c0 5 3.7 9.1 8.4 9.9v-7H7.9V12h2.5V9.8c0-2.5 1.5-3.9 3.8-3.9 1.1 0 2.2.2 2.2.2v2.5h-1.3c-1.2 0-1.6.8-1.6 1.6V12h2.8l-.4 2.9h-2.3v7C18.3 21.1 22 17 22 12c0-5.5-4.5-10-10-10z\"><\/path><\/svg><span class=\"wp-block-social-link-label screen-reader-text\">Facebook<\/span><\/a><\/li>\n\n<li class=\"wp-social-link wp-social-link-instagram  wp-block-social-link\"><a href=\"https:\/\/www.instagram.com\/onde_modernceltic\/\" class=\"wp-block-social-link-anchor\"><svg width=\"24\" height=\"24\" viewBox=\"0 0 24 24\" version=\"1.1\" xmlns=\"http:\/\/www.w3.org\/2000\/svg\" aria-hidden=\"true\" focusable=\"false\"><path d=\"M12,4.622c2.403,0,2.688,0.009,3.637,0.052c0.877,0.04,1.354,0.187,1.671,0.31c0.42,0.163,0.72,0.358,1.035,0.673 c0.315,0.315,0.51,0.615,0.673,1.035c0.123,0.317,0.27,0.794,0.31,1.671c0.043,0.949,0.052,1.234,0.052,3.637 s-0.009,2.688-0.052,3.637c-0.04,0.877-0.187,1.354-0.31,1.671c-0.163,0.42-0.358,0.72-0.673,1.035 c-0.315,0.315-0.615,0.51-1.035,0.673c-0.317,0.123-0.794,0.27-1.671,0.31c-0.949,0.043-1.233,0.052-3.637,0.052 s-2.688-0.009-3.637-0.052c-0.877-0.04-1.354-0.187-1.671-0.31c-0.42-0.163-0.72-0.358-1.035-0.673 c-0.315-0.315-0.51-0.615-0.673-1.035c-0.123-0.317-0.27-0.794-0.31-1.671C4.631,14.688,4.622,14.403,4.622,12 s0.009-2.688,0.052-3.637c0.04-0.877,0.187-1.354,0.31-1.671c0.163-0.42,0.358-0.72,0.673-1.035 c0.315-0.315,0.615-0.51,1.035-0.673c0.317-0.123,0.794-0.27,1.671-0.31C9.312,4.631,9.597,4.622,12,4.622 M12,3 C9.556,3,9.249,3.01,8.289,3.054C7.331,3.098,6.677,3.25,6.105,3.472C5.513,3.702,5.011,4.01,4.511,4.511 c-0.5,0.5-0.808,1.002-1.038,1.594C3.25,6.677,3.098,7.331,3.054,8.289C3.01,9.249,3,9.556,3,12c0,2.444,0.01,2.751,0.054,3.711 c0.044,0.958,0.196,1.612,0.418,2.185c0.23,0.592,0.538,1.094,1.038,1.594c0.5,0.5,1.002,0.808,1.594,1.038 c0.572,0.222,1.227,0.375,2.185,0.418C9.249,20.99,9.556,21,12,21s2.751-0.01,3.711-0.054c0.958-0.044,1.612-0.196,2.185-0.418 c0.592-0.23,1.094-0.538,1.594-1.038c0.5-0.5,0.808-1.002,1.038-1.594c0.222-0.572,0.375-1.227,0.418-2.185 C20.99,14.751,21,14.444,21,12s-0.01-2.751-0.054-3.711c-0.044-0.958-0.196-1.612-0.418-2.185c-0.23-0.592-0.538-1.094-1.038-1.594 c-0.5-0.5-1.002-0.808-1.594-1.038c-0.572-0.222-1.227-0.375-2.185-0.418C14.751,3.01,14.444,3,12,3L12,3z M12,7.378 c-2.552,0-4.622,2.069-4.622,4.622S9.448,16.622,12,16.622s4.622-2.069,4.622-4.622S14.552,7.378,12,7.378z M12,15 c-1.657,0-3-1.343-3-3s1.343-3,3-3s3,1.343,3,3S13.657,15,12,15z M16.804,6.116c-0.596,0-1.08,0.484-1.08,1.08 s0.484,1.08,1.08,1.08c0.596,0,1.08-0.484,1.08-1.08S17.401,6.116,16.804,6.116z\"><\/path><\/svg><span class=\"wp-block-social-link-label screen-reader-text\">Instagram<\/span><\/a><\/li>\n\n<li class=\"wp-social-link wp-social-link-youtube  wp-block-social-link\"><a href=\"https:\/\/www.youtube.com\/channel\/UCg97xZ0nuoEiil8ZEUE9p6w\" class=\"wp-block-social-link-anchor\"><svg width=\"24\" height=\"24\" viewBox=\"0 0 24 24\" version=\"1.1\" xmlns=\"http:\/\/www.w3.org\/2000\/svg\" aria-hidden=\"true\" focusable=\"false\"><path d=\"M21.8,8.001c0,0-0.195-1.378-0.795-1.985c-0.76-0.797-1.613-0.801-2.004-0.847c-2.799-0.202-6.997-0.202-6.997-0.202 h-0.009c0,0-4.198,0-6.997,0.202C4.608,5.216,3.756,5.22,2.995,6.016C2.395,6.623,2.2,8.001,2.2,8.001S2,9.62,2,11.238v1.517 c0,1.618,0.2,3.237,0.2,3.237s0.195,1.378,0.795,1.985c0.761,0.797,1.76,0.771,2.205,0.855c1.6,0.153,6.8,0.201,6.8,0.201 s4.203-0.006,7.001-0.209c0.391-0.047,1.243-0.051,2.004-0.847c0.6-0.607,0.795-1.985,0.795-1.985s0.2-1.618,0.2-3.237v-1.517 C22,9.62,21.8,8.001,21.8,8.001z M9.935,14.594l-0.001-5.62l5.404,2.82L9.935,14.594z\"><\/path><\/svg><span class=\"wp-block-social-link-label screen-reader-text\">YouTube<\/span><\/a><\/li><\/ul>\n\n\n\n<h4 class=\"has-text-align-right wp-block-heading\"><a href=\"http:\/\/www.dinardopeningfestival.fr\/index.php\/informations-pratiques\/\">Tarifs C \/ D<\/a><\/h4>\n\n\n\n<h4 class=\"has-text-align-right wp-block-heading\">&gt; <strong><a href=\"https:\/\/bit.ly\/3xw7CP7\">Achetez votre billet<\/a><\/strong> &lt;<\/h4>\n\n\n\n<hr class=\"wp-block-separator is-style-wide\"\/>\n\n\n\n<div class=\"wp-block-image\"><figure class=\"aligncenter size-large is-resized\"><img loading=\"lazy\" decoding=\"async\" src=\"http:\/\/www.dinardopeningfestival.fr\/wp-content\/uploads\/2021\/06\/drapeau-royaume-uni.png\" alt=\"\" class=\"wp-image-574\" width=\"90\" height=\"90\" srcset=\"https:\/\/www.dinardopeningfestival.fr\/wp-content\/uploads\/2021\/06\/drapeau-royaume-uni.png 360w, https:\/\/www.dinardopeningfestival.fr\/wp-content\/uploads\/2021\/06\/drapeau-royaume-uni-300x300.png 300w, https:\/\/www.dinardopeningfestival.fr\/wp-content\/uploads\/2021\/06\/drapeau-royaume-uni-150x150.png 150w, https:\/\/www.dinardopeningfestival.fr\/wp-content\/uploads\/2021\/06\/drapeau-royaume-uni-24x24.png 24w, https:\/\/www.dinardopeningfestival.fr\/wp-content\/uploads\/2021\/06\/drapeau-royaume-uni-36x36.png 36w, https:\/\/www.dinardopeningfestival.fr\/wp-content\/uploads\/2021\/06\/drapeau-royaume-uni-48x48.png 48w\" sizes=\"auto, (max-width: 90px) 100vw, 90px\" \/><\/figure><\/div>\n\n\n\n<h4 class=\"wp-block-heading\">Celtic in origin, but also modern, this atypical <strong>group gives a rock vibe to Irish music <\/strong>with the transverse flute, drums, violin and electric guitar as  they revisit old Irish standards.<\/h4>\n\n\n\n<p><\/p>\n","protected":false},"excerpt":{"rendered":"<p>Imaginez une odyss\u00e9e sonore o\u00f9 le rock progressif, le jazz et la pop explorent les rivages du folklore celte\u2026 Apr\u00e8s cinq ann\u00e9es d\u2019existence, Onde continue de surprendre en portant sur sc\u00e8ne ses compositions aux sonorit\u00e9s celtiques et \u00e0 l\u2019\u00e9nergie rock. On y per\u00e7oit une terre \u00e9trangement famili\u00e8re, o\u00f9 le chant de la fl\u00fbte joue avec [&hellip;]<\/p>\n","protected":false},"author":1,"featured_media":248,"parent":0,"menu_order":0,"comment_status":"closed","ping_status":"closed","template":"","meta":{"footnotes":""},"class_list":["post-244","page","type-page","status-publish","has-post-thumbnail","hentry"],"yoast_head":"<!-- This site is optimized with the Yoast SEO plugin v19.2 - https:\/\/yoast.com\/wordpress\/plugins\/seo\/ -->\n<title>Onde - Festival Dinard Opening<\/title>\n<meta name=\"robots\" content=\"index, follow, max-snippet:-1, max-image-preview:large, max-video-preview:-1\" \/>\n<link rel=\"canonical\" href=\"http:\/\/www.dinardopeningfestival.fr\/index.php\/onde-modern-celtic\/\" \/>\n<meta property=\"og:locale\" content=\"fr_FR\" \/>\n<meta property=\"og:type\" content=\"article\" \/>\n<meta property=\"og:title\" content=\"Onde - Festival Dinard Opening\" \/>\n<meta property=\"og:description\" content=\"Imaginez une odyss\u00e9e sonore o\u00f9 le rock progressif, le jazz et la pop explorent les rivages du folklore celte\u2026 Apr\u00e8s cinq ann\u00e9es d\u2019existence, Onde continue de surprendre en portant sur sc\u00e8ne ses compositions aux sonorit\u00e9s celtiques et \u00e0 l\u2019\u00e9nergie rock. On y per\u00e7oit une terre \u00e9trangement famili\u00e8re, o\u00f9 le chant de la fl\u00fbte joue avec [&hellip;]\" \/>\n<meta property=\"og:url\" content=\"http:\/\/www.dinardopeningfestival.fr\/index.php\/onde-modern-celtic\/\" \/>\n<meta property=\"og:site_name\" content=\"Festival Dinard Opening\" \/>\n<meta property=\"article:publisher\" content=\"https:\/\/www.facebook.com\/DinardOpeningFestival\" \/>\n<meta property=\"article:modified_time\" content=\"2021-08-17T15:15:27+00:00\" \/>\n<meta property=\"og:image\" content=\"http:\/\/www.dinardopeningfestival.fr\/wp-content\/uploads\/2021\/06\/ONDE-MODERN-CELTIC.jpg\" \/>\n\t<meta property=\"og:image:width\" content=\"1240\" \/>\n\t<meta property=\"og:image:height\" content=\"591\" \/>\n\t<meta property=\"og:image:type\" content=\"image\/jpeg\" \/>\n<meta name=\"author\" content=\"admin4235\" \/>\n<meta name=\"twitter:card\" content=\"summary_large_image\" \/>\n<meta name=\"twitter:label1\" content=\"Dur\u00e9e de lecture estim\u00e9e\" \/>\n\t<meta name=\"twitter:data1\" content=\"1 minute\" \/>\n<script type=\"application\/ld+json\" class=\"yoast-schema-graph\">{\"@context\":\"https:\/\/schema.org\",\"@graph\":[{\"@type\":\"Organization\",\"@id\":\"http:\/\/www.dinardopeningfestival.fr\/#organization\",\"name\":\"Festival Dinard Opening\",\"url\":\"http:\/\/www.dinardopeningfestival.fr\/\",\"sameAs\":[\"https:\/\/www.instagram.com\/dinardopening\/\",\"https:\/\/www.facebook.com\/DinardOpeningFestival\"],\"logo\":{\"@type\":\"ImageObject\",\"inLanguage\":\"fr-FR\",\"@id\":\"http:\/\/www.dinardopeningfestival.fr\/#\/schema\/logo\/image\/\",\"url\":\"https:\/\/www.dinardopeningfestival.fr\/wp-content\/uploads\/2021\/06\/Logo-Dinard-bleu-opening-rouge-1-scaled.jpg\",\"contentUrl\":\"https:\/\/www.dinardopeningfestival.fr\/wp-content\/uploads\/2021\/06\/Logo-Dinard-bleu-opening-rouge-1-scaled.jpg\",\"width\":2560,\"height\":1810,\"caption\":\"Festival Dinard Opening\"},\"image\":{\"@id\":\"http:\/\/www.dinardopeningfestival.fr\/#\/schema\/logo\/image\/\"}},{\"@type\":\"WebSite\",\"@id\":\"http:\/\/www.dinardopeningfestival.fr\/#website\",\"url\":\"http:\/\/www.dinardopeningfestival.fr\/\",\"name\":\"Festival Dinard Opening\",\"description\":\"Le Festival des Musiques Britanniques\",\"publisher\":{\"@id\":\"http:\/\/www.dinardopeningfestival.fr\/#organization\"},\"potentialAction\":[{\"@type\":\"SearchAction\",\"target\":{\"@type\":\"EntryPoint\",\"urlTemplate\":\"http:\/\/www.dinardopeningfestival.fr\/?s={search_term_string}\"},\"query-input\":\"required name=search_term_string\"}],\"inLanguage\":\"fr-FR\"},{\"@type\":\"ImageObject\",\"inLanguage\":\"fr-FR\",\"@id\":\"http:\/\/www.dinardopeningfestival.fr\/index.php\/onde-modern-celtic\/#primaryimage\",\"url\":\"https:\/\/www.dinardopeningfestival.fr\/wp-content\/uploads\/2021\/06\/ONDE-MODERN-CELTIC.jpg\",\"contentUrl\":\"https:\/\/www.dinardopeningfestival.fr\/wp-content\/uploads\/2021\/06\/ONDE-MODERN-CELTIC.jpg\",\"width\":1240,\"height\":591},{\"@type\":\"WebPage\",\"@id\":\"http:\/\/www.dinardopeningfestival.fr\/index.php\/onde-modern-celtic\/#webpage\",\"url\":\"http:\/\/www.dinardopeningfestival.fr\/index.php\/onde-modern-celtic\/\",\"name\":\"Onde - Festival Dinard Opening\",\"isPartOf\":{\"@id\":\"http:\/\/www.dinardopeningfestival.fr\/#website\"},\"primaryImageOfPage\":{\"@id\":\"http:\/\/www.dinardopeningfestival.fr\/index.php\/onde-modern-celtic\/#primaryimage\"},\"datePublished\":\"2021-06-09T12:16:58+00:00\",\"dateModified\":\"2021-08-17T15:15:27+00:00\",\"breadcrumb\":{\"@id\":\"http:\/\/www.dinardopeningfestival.fr\/index.php\/onde-modern-celtic\/#breadcrumb\"},\"inLanguage\":\"fr-FR\",\"potentialAction\":[{\"@type\":\"ReadAction\",\"target\":[\"http:\/\/www.dinardopeningfestival.fr\/index.php\/onde-modern-celtic\/\"]}]},{\"@type\":\"BreadcrumbList\",\"@id\":\"http:\/\/www.dinardopeningfestival.fr\/index.php\/onde-modern-celtic\/#breadcrumb\",\"itemListElement\":[{\"@type\":\"ListItem\",\"position\":1,\"name\":\"Accueil\",\"item\":\"http:\/\/www.dinardopeningfestival.fr\/\"},{\"@type\":\"ListItem\",\"position\":2,\"name\":\"Onde\"}]}]}<\/script>\n<!-- \/ Yoast SEO plugin. -->","yoast_head_json":{"title":"Onde - Festival Dinard Opening","robots":{"index":"index","follow":"follow","max-snippet":"max-snippet:-1","max-image-preview":"max-image-preview:large","max-video-preview":"max-video-preview:-1"},"canonical":"http:\/\/www.dinardopeningfestival.fr\/index.php\/onde-modern-celtic\/","og_locale":"fr_FR","og_type":"article","og_title":"Onde - Festival Dinard Opening","og_description":"Imaginez une odyss\u00e9e sonore o\u00f9 le rock progressif, le jazz et la pop explorent les rivages du folklore celte\u2026 Apr\u00e8s cinq ann\u00e9es d\u2019existence, Onde continue de surprendre en portant sur sc\u00e8ne ses compositions aux sonorit\u00e9s celtiques et \u00e0 l\u2019\u00e9nergie rock. On y per\u00e7oit une terre \u00e9trangement famili\u00e8re, o\u00f9 le chant de la fl\u00fbte joue avec [&hellip;]","og_url":"http:\/\/www.dinardopeningfestival.fr\/index.php\/onde-modern-celtic\/","og_site_name":"Festival Dinard Opening","article_publisher":"https:\/\/www.facebook.com\/DinardOpeningFestival","article_modified_time":"2021-08-17T15:15:27+00:00","og_image":[{"width":1240,"height":591,"url":"http:\/\/www.dinardopeningfestival.fr\/wp-content\/uploads\/2021\/06\/ONDE-MODERN-CELTIC.jpg","type":"image\/jpeg"}],"author":"admin4235","twitter_card":"summary_large_image","twitter_misc":{"Dur\u00e9e de lecture estim\u00e9e":"1 minute"},"schema":{"@context":"https:\/\/schema.org","@graph":[{"@type":"Organization","@id":"http:\/\/www.dinardopeningfestival.fr\/#organization","name":"Festival Dinard Opening","url":"http:\/\/www.dinardopeningfestival.fr\/","sameAs":["https:\/\/www.instagram.com\/dinardopening\/","https:\/\/www.facebook.com\/DinardOpeningFestival"],"logo":{"@type":"ImageObject","inLanguage":"fr-FR","@id":"http:\/\/www.dinardopeningfestival.fr\/#\/schema\/logo\/image\/","url":"https:\/\/www.dinardopeningfestival.fr\/wp-content\/uploads\/2021\/06\/Logo-Dinard-bleu-opening-rouge-1-scaled.jpg","contentUrl":"https:\/\/www.dinardopeningfestival.fr\/wp-content\/uploads\/2021\/06\/Logo-Dinard-bleu-opening-rouge-1-scaled.jpg","width":2560,"height":1810,"caption":"Festival Dinard Opening"},"image":{"@id":"http:\/\/www.dinardopeningfestival.fr\/#\/schema\/logo\/image\/"}},{"@type":"WebSite","@id":"http:\/\/www.dinardopeningfestival.fr\/#website","url":"http:\/\/www.dinardopeningfestival.fr\/","name":"Festival Dinard Opening","description":"Le Festival des Musiques Britanniques","publisher":{"@id":"http:\/\/www.dinardopeningfestival.fr\/#organization"},"potentialAction":[{"@type":"SearchAction","target":{"@type":"EntryPoint","urlTemplate":"http:\/\/www.dinardopeningfestival.fr\/?s={search_term_string}"},"query-input":"required name=search_term_string"}],"inLanguage":"fr-FR"},{"@type":"ImageObject","inLanguage":"fr-FR","@id":"http:\/\/www.dinardopeningfestival.fr\/index.php\/onde-modern-celtic\/#primaryimage","url":"https:\/\/www.dinardopeningfestival.fr\/wp-content\/uploads\/2021\/06\/ONDE-MODERN-CELTIC.jpg","contentUrl":"https:\/\/www.dinardopeningfestival.fr\/wp-content\/uploads\/2021\/06\/ONDE-MODERN-CELTIC.jpg","width":1240,"height":591},{"@type":"WebPage","@id":"http:\/\/www.dinardopeningfestival.fr\/index.php\/onde-modern-celtic\/#webpage","url":"http:\/\/www.dinardopeningfestival.fr\/index.php\/onde-modern-celtic\/","name":"Onde - Festival Dinard Opening","isPartOf":{"@id":"http:\/\/www.dinardopeningfestival.fr\/#website"},"primaryImageOfPage":{"@id":"http:\/\/www.dinardopeningfestival.fr\/index.php\/onde-modern-celtic\/#primaryimage"},"datePublished":"2021-06-09T12:16:58+00:00","dateModified":"2021-08-17T15:15:27+00:00","breadcrumb":{"@id":"http:\/\/www.dinardopeningfestival.fr\/index.php\/onde-modern-celtic\/#breadcrumb"},"inLanguage":"fr-FR","potentialAction":[{"@type":"ReadAction","target":["http:\/\/www.dinardopeningfestival.fr\/index.php\/onde-modern-celtic\/"]}]},{"@type":"BreadcrumbList","@id":"http:\/\/www.dinardopeningfestival.fr\/index.php\/onde-modern-celtic\/#breadcrumb","itemListElement":[{"@type":"ListItem","position":1,"name":"Accueil","item":"http:\/\/www.dinardopeningfestival.fr\/"},{"@type":"ListItem","position":2,"name":"Onde"}]}]}},"_links":{"self":[{"href":"https:\/\/www.dinardopeningfestival.fr\/index.php\/wp-json\/wp\/v2\/pages\/244","targetHints":{"allow":["GET"]}}],"collection":[{"href":"https:\/\/www.dinardopeningfestival.fr\/index.php\/wp-json\/wp\/v2\/pages"}],"about":[{"href":"https:\/\/www.dinardopeningfestival.fr\/index.php\/wp-json\/wp\/v2\/types\/page"}],"author":[{"embeddable":true,"href":"https:\/\/www.dinardopeningfestival.fr\/index.php\/wp-json\/wp\/v2\/users\/1"}],"replies":[{"embeddable":true,"href":"https:\/\/www.dinardopeningfestival.fr\/index.php\/wp-json\/wp\/v2\/comments?post=244"}],"version-history":[{"count":16,"href":"https:\/\/www.dinardopeningfestival.fr\/index.php\/wp-json\/wp\/v2\/pages\/244\/revisions"}],"predecessor-version":[{"id":1032,"href":"https:\/\/www.dinardopeningfestival.fr\/index.php\/wp-json\/wp\/v2\/pages\/244\/revisions\/1032"}],"wp:featuredmedia":[{"embeddable":true,"href":"https:\/\/www.dinardopeningfestival.fr\/index.php\/wp-json\/wp\/v2\/media\/248"}],"wp:attachment":[{"href":"https:\/\/www.dinardopeningfestival.fr\/index.php\/wp-json\/wp\/v2\/media?parent=244"}],"curies":[{"name":"wp","href":"https:\/\/api.w.org\/{rel}","templated":true}]}}